{"id":3782,"date":"2021-12-29T15:13:54","date_gmt":"2021-12-29T15:13:54","guid":{"rendered":"https:\/\/mybodyfit.co\/p\/?page_id=3782"},"modified":"2021-12-29T15:17:43","modified_gmt":"2021-12-29T15:17:43","slug":"politica-de-privacidad","status":"publish","type":"page","link":"https:\/\/mybodyfit.co\/p\/politica-de-privacidad\/","title":{"rendered":"Politica de Privacidad"},"content":{"rendered":"\n<h2 class=\"wp-block-heading\"><\/h2>\n\n\n\n<h3 class=\"wp-block-heading\">POLITICA DE PRIVACIDAD Y TRATAMIRNTO DE DATOS DE STC PIENSA Y ADELGAZA, TRANSFORMACI\u00d3N WARRIORS Y MYBODYFIT<\/h3>\n\n\n\n<ol class=\"wp-block-list\"><li>Introducci\u00f3n El prop\u00f3sito de esta Pol\u00edtica es demostrar el compromiso del<br>STC PIENSA Y ADELGAZA, TRANSFORMACI\u00d3N WARRIORS Y MYBODYFIT<br><br>Vanusa da Silva Souza<br>Con sede en Panam\u00e1 City &#8211; Panam\u00e1<br>Documento de Identificaci\u00f3n: CZ11914<\/li><\/ol>\n\n\n\n<p>Con la privacidad y protecci\u00f3n de sus Datos, adem\u00e1s de establecer las normas sobre el Tratamiento de sus Datos Personales, en el \u00e1mbito de los servicios y funcionalidades del sitio web \u201cstcpiensayadelgaza.com\u201d (\u201cNuestro Medio Ambiente\u201d), de acuerdo con las leyes vigentes. , con transparencia y claridad contigo y el mercado en general.<\/p>\n\n\n\n<p>Como condici\u00f3n para acceder y utilizar las funciones exclusivas de Nuestro Medio Ambiente, Usted declara haber le\u00eddo y le\u00eddo \u00edntegramente esta Pol\u00edtica, siendo plenamente consciente, otorgando as\u00ed su libre y expreso acuerdo con los t\u00e9rminos aqu\u00ed estipulados, incluida la recogida de Datos aqu\u00ed. mencionado, as\u00ed como su uso para los fines que se especifican a continuaci\u00f3n. Si no cumple con las disposiciones de esta Pol\u00edtica, debe interrumpir su acceso o uso de nuestro entorno.<\/p>\n\n\n\n<p>NOTA ESPECIAL PARA NI\u00d1OS Y ADOLESCENTES<\/p>\n\n\n\n<p>No se registre en nuestros entornos si es menor de 18 a\u00f1os.<\/p>\n\n\n\n<p>NOTA ESPECIAL PARA REPRESENTANTES LEGALES<\/p>\n\n\n\n<p>Aunque prohibimos el registro de ni\u00f1os y adolescentes menores de 16 a\u00f1os, los padres deben supervisar las actividades en l\u00ednea de sus hijos menores de edad.<\/p>\n\n\n\n<p>Las actividades de los adolescentes mayores de 16 y menores de 18 deben ser asistidas por sus padres o representantes legales.<\/p>\n\n\n\n<ol class=\"wp-block-list\" start=\"2\"><li>Acerca de los datos que recopilamos! 2.1 c\u00f3mo recopilamos datos incluidos los datos personales, se pueden recopilar cuando los env\u00eda o cuando interact\u00faa con nuestro entorno y servicios, que incluyen:<\/li><\/ol>\n\n\n\n<p>\u00bfQU\u00c9 RECOGEMOS?<\/p>\n\n\n\n<p>\u00bfPARA QU\u00c9 RECOGEMOS?<\/p>\n\n\n\n<p>DATOS DE REGISTRO<\/p>\n\n\n\n<p>NOMBRE COMPLETO<\/p>\n\n\n\n<p>CORREO ELECTR\u00d3NICO<\/p>\n\n\n\n<p>TEL\u00c9FONOS DE CONTACTO (OPCIONAL)<\/p>\n\n\n\n<p>(I) Cumplir con las obligaciones derivadas del uso de Nuestro Medio Ambiente.<\/p>\n\n\n\n<p>(II) Ampliar nuestra relaci\u00f3n, Informarle sobre novedades, reportajes, contenido, novedades y otros eventos que consideremos relevantes para usted.<\/p>\n\n\n\n<p>(III) Enriquece tu experiencia con nosotros, promociona nuestros productos y servicios de coaching, adem\u00e1s de proporcionar un e-book gratuito para tu e-mail.<\/p>\n\n\n\n<p>DATOS DE REGISTRO<\/p>\n\n\n\n<p>DATOS DE IDENTIFICACI\u00d3N DIGITAL<\/p>\n\n\n\n<p>Direcci\u00f3n IP de origen y puerto l\u00f3gico<\/p>\n\n\n\n<p>Dispositivo (versi\u00f3n del sistema operativo)<\/p>\n\n\n\n<p>Geolocalizaci\u00f3n<\/p>\n\n\n\n<p>Marca de tiempo cada acci\u00f3n que realiza<\/p>\n\n\n\n<p>A qu\u00e9 pantallas accediste<\/p>\n\n\n\n<p>Galletas<\/p>\n\n\n\n<p>(I) Identificarlo y autenticarlo.<\/p>\n\n\n\n<p>(II) Cumplir con las obligaciones legales de mantenimiento de registros establecidas por Marco Civil da Internet &#8211; Ley 12.965 \/ 2014.<\/p>\n\n\n\n<p>2.2. Actualizaci\u00f3n y veracidad de los datos. Usted es el \u00fanico responsable de la exactitud, veracidad o falta de la misma en relaci\u00f3n con los Datos que proporciona o de su desactualizaci\u00f3n. Tenga en cuenta que es su responsabilidad garantizar la precisi\u00f3n o mantenerlos actualizados.<\/p>\n\n\n\n<p>2.2.1. Del mismo modo, no estamos obligados a procesar o procesar cualquiera de sus Datos si hay motivos para creer que dicho procesamiento o tratamiento podr\u00eda implicar cualquier incumplimiento de cualquier ley aplicable, o si est\u00e1 utilizando Nuestro entorno para cualquier prop\u00f3sito ilegal, il\u00edcito o contrario a la moral.<\/p>\n\n\n\n<p>2.3. Base de datos. La base de datos formada a trav\u00e9s de la recopilaci\u00f3n de Datos es de nuestra propiedad y est\u00e1 bajo nuestra responsabilidad, y su uso, acceso e intercambio, cuando sea necesario, se realizar\u00e1 dentro de los l\u00edmites y prop\u00f3sitos del negocio descrito en esta Pol\u00edtica.<\/p>\n\n\n\n<p>2.4. Tecnolog\u00edas empleadas. Usamos la (s) siguiente (s) tecnolog\u00eda (s):<\/p>\n\n\n\n<p>(I) Cookies, depende de usted configurar su navegador de Internet si desea bloquearlas. En este caso, algunas funciones que ofrecemos pueden ser limitadas.<\/p>\n\n\n\n<p>Todas las tecnolog\u00edas utilizadas respetar\u00e1n siempre la legislaci\u00f3n vigente y los t\u00e9rminos de esta Pol\u00edtica.<\/p>\n\n\n\n<p>2.4.1. Todas las tecnolog\u00edas utilizadas respetar\u00e1n siempre la legislaci\u00f3n vigente y los t\u00e9rminos de esta Pol\u00edtica.<\/p>\n\n\n\n<p>2.5. No utilizamos ning\u00fan tipo de decisi\u00f3n exclusivamente automatizada que lo afecte.<\/p>\n\n\n\n<ol class=\"wp-block-list\" start=\"3\"><li>C\u00d3MO COMPARTIMOS DATOS E INFORMACI\u00d3N<\/li><\/ol>\n\n\n\n<p>3.1. Hip\u00f3tesis de intercambio de datos. Los datos recopilados y las actividades registradas se pueden compartir: (I) Con las autoridades judiciales, administrativas o gubernamentales competentes, siempre que exista una determinaci\u00f3n legal, solicitud, requisa u orden judicial; (II) Autom\u00e1ticamente, en caso de movimientos corporativos, tales como fusiones, adquisiciones e incorporaciones; y (III) Con STC PIENSA Y ADELGAZA, TRANSFORMACI\u00d3N WARRIORS Y MYBODYFIT , para ofrecer otros servicios y diferentes productos, para tratamiento dentro de las mismas finalidades enumeradas en la cl\u00e1usula 2.1, especialmente el contacto para enviar informaci\u00f3n sobre novedades, reportajes, contenidos, novedades y otros eventos. relevante para mantener nuestra relaci\u00f3n contigo.<\/p>\n\n\n\n<p>3.2 Anonimizaci\u00f3n de datos. Para fines de investigaci\u00f3n de inteligencia<\/p>\n\n\n\n<p>del mercado, divulgaci\u00f3n de datos a la prensa y publicidad, los datos facilitados por usted ser\u00e1n compartidos de forma an\u00f3nima, es decir, de forma que no permita su identificaci\u00f3n.<\/p>\n\n\n\n<ol class=\"wp-block-list\" start=\"4\"><li>C\u00d3MO PROTEGEMOS SUS DATOS Y C\u00d3MO USTED<\/li><\/ol>\n\n\n\n<p>TAMBI\u00c9N PUEDES PROTEGERLOS<\/p>\n\n\n\n<p>4.1. Cuidado que debes tener. Es muy importante que sepas que nunca enviaremos mensajes electr\u00f3nicos pidiendo confirmaci\u00f3n de datos o con anexos ejecutables (extensiones: .exe, .com, entre otros) o enlaces a descargas.<\/p>\n\n\n\n<p>4.2. Acceso a Datos Personales, proporcionalidad y relevancia. Internamente, los Datos Personales recabados son accedidos \u00fanicamente por profesionales debidamente autorizados, respetando los principios de proporcionalidad, necesidad y relevancia para los objetivos de nuestro negocio, adem\u00e1s del compromiso de confidencialidad y preservaci\u00f3n de su privacidad en los t\u00e9rminos de esta Pol\u00edtica.<\/p>\n\n\n\n<p>4.3. Enlaces externos. Cuando utiliza Nuestro Medio Ambiente, puede ser llevado, a trav\u00e9s de un enlace a otros portales o plataformas, que podr\u00e1n recopilar su informaci\u00f3n y tener su propia Pol\u00edtica de Tratamiento de Datos.<\/p>\n\n\n\n<p>4.3.1 Depende de usted leer las Pol\u00edticas de privacidad y procesamiento de datos de dichos portales o plataformas fuera de Nuestro entorno, y es su responsabilidad aceptarlas o rechazarlas. No somos responsables de las pol\u00edticas de privacidad y procesamiento de datos de terceros ni del contenido de ning\u00fan sitio web, contenido o servicio vinculado a entornos distintos al nuestro.<\/p>\n\n\n\n<p>4.4 Procesamiento por parte de terceros seg\u00fan nuestras directrices. Si empresas subcontratadas realizan el Tratamiento en nuestro nombre de cualquier Dato Personal que recabamos, respetar\u00e1n las condiciones aqu\u00ed establecidas y las reglas de seguridad de la informaci\u00f3n, de manera obligatoria.<\/p>\n\n\n\n<p>4.5. Comunicaci\u00f3n por correo electr\u00f3nico. Para optimizar y mejorar nuestra comunicaci\u00f3n, cuando te enviamos un correo electr\u00f3nico podemos recibir una notificaci\u00f3n cuando se abren, siempre que esta posibilidad est\u00e9 disponible. Es importante estar atento, ya que los correos electr\u00f3nicos se env\u00edan solo a trav\u00e9s de los dominios:<br><br>acesso.homesynergym.com<br>acesso.stccross.com<br>acesso.hotmart.stccross.com<br>pesquisa.stccross.com<br>portal.homesynergym.com<br>portal.stccross.com<br>stcpiensayadelgaza.com<br>systembodytrans.com<br>transformationwarriors.net<\/p>\n\n\n\n<ol class=\"wp-block-list\" start=\"5\"><li>C\u00d3MO ALMACENAMOS SUS DATOS PERSONALES Y REGISTRO DE ACTIVIDADES<\/li><\/ol>\n\n\n\n<p>5.1. Los Datos Personales recopilados y los registros de actividad se almacenan en un entorno seguro y controlado durante un per\u00edodo m\u00ednimo que sigue la siguiente tabla:<\/p>\n\n\n\n<p>PLAZO DE ALMACENAMIENTO<\/p>\n\n\n\n<p>BASE LEGAL<\/p>\n\n\n\n<p>DATOS DE IDENTIFICACI\u00d3N DIGITAL<\/p>\n\n\n\n<p>5 a\u00f1os despu\u00e9s del final de la relaci\u00f3n<\/p>\n\n\n\n<p>Art. 12 y 34 del C\u00f3digo de Protecci\u00f3n al Consumidor<\/p>\n\n\n\n<p>DATOS DE IDENTIFICACI\u00d3N DIGITAL<\/p>\n\n\n\n<p>6 meses<\/p>\n\n\n\n<p>Art. 15, Marco Civil da Internet<\/p>\n\n\n\n<p>OTROS DATOS<\/p>\n\n\n\n<p>Mientras dure la relaci\u00f3n y no se solicite la supresi\u00f3n o revocaci\u00f3n del consentimiento<\/p>\n\n\n\n<p>Art. 9, inciso II de la Ley General de Protecci\u00f3n de Datos Personales<\/p>\n\n\n\n<p>5.2 Mayor tiempo de almacenamiento. A efectos de auditor\u00eda, seguridad, control de fraudes, protecci\u00f3n crediticia y preservaci\u00f3n de derechos, podemos quedarnos con el historial de registro de sus Datos por un per\u00edodo de tiempo m\u00e1s largo en caso de que la ley o norma reguladora as\u00ed lo establezca o para la preservaci\u00f3n de derechos.<\/p>\n\n\n\n<p>5.3. Los Datos recopilados se almacenar\u00e1n en nuestros servidores ubicados en Brasil, as\u00ed como en un entorno de uso de recursos o servidores en la nube (computaci\u00f3n en la nube), que puede requerir una transferencia y \/ o procesamiento de estos Datos fuera de Brasil.<\/p>\n\n\n\n<ol class=\"wp-block-list\" start=\"6\"><li>CU\u00c1LES SON SUS DERECHOS Y C\u00d3MO EJERCERLOS<\/li><\/ol>\n\n\n\n<p>6.1. Tus derechos b\u00e1sicos. Puede solicitar a nuestro Responsable de Datos Personales que confirme la existencia de tratamiento de Datos Personales, adem\u00e1s de la visualizaci\u00f3n o rectificaci\u00f3n de sus Datos Personales, a trav\u00e9s de nuestro Canal de Atenci\u00f3n al Cliente.<\/p>\n\n\n\n<p>6.2. Limitaci\u00f3n, oposici\u00f3n y exclusi\u00f3n de datos. A trav\u00e9s de los Canales de Servicio, tambi\u00e9n puede solicitar:<\/p>\n\n\n\n<p>(I) Limitar el uso de sus Datos personales;<\/p>\n\n\n\n<p>(II) Expresar su oposici\u00f3n y \/ o revocar el consentimiento con respecto al uso de sus Datos Personales; o<\/p>\n\n\n\n<p>(III) Solicitar la eliminaci\u00f3n de sus Datos personales que hemos recopilado.<\/p>\n\n\n\n<p>6.2.1 Si retira su consentimiento para fines fundamentales para el funcionamiento regular de Nuestro entorno y servicios, dichos entornos y servicios pueden no estar disponibles para usted.<\/p>\n\n\n\n<p>6.2.2 Si solicita la supresi\u00f3n de sus Datos Personales, puede suceder que los Datos deban conservarse durante m\u00e1s tiempo que la solicitud de supresi\u00f3n, de conformidad con el art\u00edculo 16 de la Ley General de Protecci\u00f3n de Datos Personales, con el fin de (i) cumplir con la obligaci\u00f3n legales o reglamentarios, (ii) estudio por un organismo de investigaci\u00f3n, y (iii) transferencia a un tercero (sujeto a los requisitos de procesamiento de datos establecidos en la misma Ley). En todos los casos mediante la anonimizaci\u00f3n de los Datos Personales, siempre que sea posible.<\/p>\n\n\n\n<p>6.2.3 Una vez transcurrido el per\u00edodo de mantenimiento y la necesidad legal, los Datos personales se eliminar\u00e1n mediante m\u00e9todos de eliminaci\u00f3n seguros o se utilizar\u00e1n de forma an\u00f3nima con fines estad\u00edsticos.<\/p>\n\n\n\n<ol class=\"wp-block-list\" start=\"7\"><li>INFORMACI\u00d3N SOBRE ESTA POL\u00cdTICA<\/li><\/ol>\n\n\n\n<p>7.1. Cambio y actualizaci\u00f3n de contenido. Usted reconoce nuestro derecho a cambiar el contenido de esta Pol\u00edtica en cualquier momento, seg\u00fan el prop\u00f3sito o las necesidades.<\/p>\n\n\n\n<p>como por la adecuaci\u00f3n y cumplimiento legal de una disposici\u00f3n de ley o norma que tiene fuerza legal equivalente, y usted es responsable de verificarlo siempre que acceda a Nuestro Medio Ambiente o utilice nuestros servicios.<\/p>\n\n\n\n<p>7.1.1. En caso de actualizaciones de este documento que requieran una nueva recopilaci\u00f3n de consentimiento, se le notificar\u00e1 a trav\u00e9s de los canales de contacto que proporcione.<\/p>\n\n\n\n<p>7.2. Falta de aplicabilidad. Si alg\u00fan punto de esta Pol\u00edtica es considerado inaplicable por la Autoridad de Datos o el tribunal, las otras condiciones permanecer\u00e1n en pleno vigor y efecto.<\/p>\n\n\n\n<p>7.3. Comunicaci\u00f3n electr\u00f3nica. Reconoce que toda comunicaci\u00f3n realizada por correo electr\u00f3nico (a las direcciones informadas en su registro), SMS, aplicaciones de comunicaci\u00f3n instant\u00e1nea o cualquier otro formulario digital, son tambi\u00e9n v\u00e1lidas, efectivas y suficientes para la divulgaci\u00f3n de cualquier asunto que se refiera a los servicios que proporcionamos, a sus Datos, as\u00ed como a las condiciones de su suministro o a cualquier otro asunto abordado en el mismo, con excepci\u00f3n \u00fanicamente de lo que esta Pol\u00edtica establece como tal.<\/p>\n\n\n\n<p>7.4. Canales de servicio. En caso de cualquier duda respecto a lo dispuesto en esta Pol\u00edtica de Privacidad y Tratamiento de Datos, puede contactarnos a trav\u00e9s de los canales de atenci\u00f3n que se detallan a continuaci\u00f3n, cuyo horario de atenci\u00f3n es de lunes a viernes, de 8 a 18 horas, excepto d\u00edas festivos nacionales<\/p>\n\n\n\n<p>(I) Cont\u00e1ctenos: contacto@stcpiensayadelgaza.com;<\/p>\n\n\n\n<p>(II) Redes sociales oficiales: Facebook: Vanusa Souza Coach STC \/ Instagram: @ vanusasouzacoach<\/p>\n\n\n\n<p>7.5. Ley y jurisdicci\u00f3n aplicables. Esta Pol\u00edtica se interpretar\u00e1 de acuerdo con la ley brasile\u00f1a, en idioma portugu\u00e9s, y se elegir\u00e1 la jurisdicci\u00f3n de su domicilio para resolver cualquier disputa relacionada con este documento, a menos que la legislaci\u00f3n aplicable establezca espec\u00edficamente competencia personal, territorial o funcional.<\/p>\n\n\n\n<p>7.5.1. Si, si no tiene domicilio en Brasil, y debido a los servicios ofrecidos por la Compa\u00f1\u00eda solo en el territorio nacional, se somete a la ley brasile\u00f1a, acordando, por lo tanto, que en caso de disputa a resolver, la acci\u00f3n debe ser interpuesta en el Juzgado de Distrito de Fortaleza &#8211; CE<\/p>\n\n\n\n<ol class=\"wp-block-list\" start=\"8\"><li>GLOSARIO<\/li><\/ol>\n\n\n\n<p>Para los prop\u00f3sitos de esta Pol\u00edtica, se deben considerar las siguientes definiciones y descripciones para su mejor comprensi\u00f3n:<\/p>\n\n\n\n<p>(I) Datos: Cualquier informaci\u00f3n ingresada, procesada o transmitida a trav\u00e9s de Nuestro Medio Ambiente.<\/p>\n\n\n\n<p>(II) Datos Personales: Datos relacionados con la persona f\u00edsica identificada o identificable.<\/p>\n\n\n\n<p>(III) Anonimizaci\u00f3n: Utilizaci\u00f3n de medios t\u00e9cnicos razonables y disponibles en el momento del Tratamiento, por el cual un dato pierde la posibilidad de asociaci\u00f3n, directa o indirectamente, con un particular.<\/p>\n\n\n\n<p>(IV) Delegado de Protecci\u00f3n de Datos (DPO): Persona designada por Nosotros para actuar como canal de comunicaci\u00f3n entre el responsable del tratamiento, los titulares de los datos y la Autoridad Nacional de Protecci\u00f3n de Datos (ANPD).<\/p>\n\n\n\n<p>(V) Computaci\u00f3n en la nube: o computaci\u00f3n en la nube, es una tecnolog\u00eda de virtualizaci\u00f3n de servicios construida a partir de la interconexi\u00f3n de m\u00e1s de un servidor a trav\u00e9s de una red de informaci\u00f3n com\u00fan (por ejemplo, Internet), con el fin de reducir costos y aumentar la disponibilidad de servicios sostenidos.<\/p>\n\n\n\n<p>(VI) Nuestro entorno: Designa las direcciones electr\u00f3nicas stcpiensayadelgaza.com y sus subdominios.<\/p>\n\n\n\n<p>(VII) Cookies: Peque\u00f1os archivos enviados por nuestro ambiente, guardados en sus dispositivos, que almacenan preferencias y poca otra informaci\u00f3n, con el fin de personalizar su navegaci\u00f3n seg\u00fan su perfil.<\/p>\n\n\n\n<p>(VIII) IP: Abreviatura de Protocolo de Internet. Es un conjunto alfanum\u00e9rico que identifica los dispositivos de los USUARIOS en Internet;<\/p>\n\n\n\n<p>(IX) Registros: registros de actividad de cualquier usuario que utilice Nuestro entorno.<\/p>\n\n\n\n<p>(X) Solo decisiones automatizadas: Son decisiones que afectan a un usuario que han sido programadas para funcionar autom\u00e1ticamente, sin necesidad de operaci\u00f3n humana, basadas en el procesamiento automatizado de datos personales.<\/p>\n\n\n\n<p>(XI) Tratamiento: Cualquier operaci\u00f3n que se realice con Datos Personales, como las referidas a la recolecci\u00f3n, producci\u00f3n, recepci\u00f3n, clasificaci\u00f3n, uso, acceso, reproducci\u00f3n, transmisi\u00f3n, distribuci\u00f3n, procesamiento, archivo, almacenamiento, disposici\u00f3n, evaluaci\u00f3n o control de la informaci\u00f3n. modificaci\u00f3n, comunicaci\u00f3n, transferencia, difusi\u00f3n o extracci\u00f3n.<\/p>\n\n\n\n<p>8.2. (I) Cumplir con las obligaciones derivadas del uso de Nuestro Medio Ambiente.<\/p>\n\n\n\n<p>8.3. (II) Ampliar nuestra relaci\u00f3n, Informarle sobre novedades, reportajes, contenido, novedades y otros eventos que consideremos relevantes para usted.<\/p>\n\n\n\n<p>8.4. (III) Enriquece tu experiencia con nosotros, promociona nuestros productos y servicios de coaching, adem\u00e1s de proporcionar un e-book gratuito para tu e-mail.<\/p>\n\n\n\n<p>Ofrecerle formaci\u00f3n, cursos y plataformas 100% online, a trav\u00e9s de la solicitud de servicio disponible en nuestra web.<\/p>\n\n\n\n<p>Actualizaci\u00f3n: 5 de enero de 2021.<\/p>\n\n\n\n<p><\/p>\n\n\n\n<p><\/p>\n\n\n\n<p><\/p>\n\n\n\n<p><\/p>\n\n\n\n<p><\/p>\n","protected":false},"excerpt":{"rendered":"<p>POLITICA DE PRIVACIDAD Y TRATAMIRNTO DE DATOS DE STC PIENSA Y ADELGAZA, TRANSFORMACI\u00d3N WARRIORS Y MYBODYFIT Introducci\u00f3n El prop\u00f3sito de esta Pol\u00edtica es demostrar el compromiso delSTC PIENSA Y ADELGAZA, TRANSFORMACI\u00d3N WARRIORS Y MYBODYFIT Vanusa da Silva SouzaCon sede en Panam\u00e1 City &#8211; Panam\u00e1Documento de Identificaci\u00f3n: CZ11914 Con la privacidad y protecci\u00f3n de sus Datos, [&hellip;]<\/p>\n","protected":false},"author":1,"featured_media":0,"parent":0,"menu_order":0,"comment_status":"closed","ping_status":"closed","template":"","meta":{"footnotes":""},"class_list":["post-3782","page","type-page","status-publish","hentry","wpbf-post"],"_links":{"self":[{"href":"https:\/\/mybodyfit.co\/p\/wp-json\/wp\/v2\/pages\/3782","targetHints":{"allow":["GET"]}}],"collection":[{"href":"https:\/\/mybodyfit.co\/p\/wp-json\/wp\/v2\/pages"}],"about":[{"href":"https:\/\/mybodyfit.co\/p\/wp-json\/wp\/v2\/types\/page"}],"author":[{"embeddable":true,"href":"https:\/\/mybodyfit.co\/p\/wp-json\/wp\/v2\/users\/1"}],"replies":[{"embeddable":true,"href":"https:\/\/mybodyfit.co\/p\/wp-json\/wp\/v2\/comments?post=3782"}],"version-history":[{"count":3,"href":"https:\/\/mybodyfit.co\/p\/wp-json\/wp\/v2\/pages\/3782\/revisions"}],"predecessor-version":[{"id":3792,"href":"https:\/\/mybodyfit.co\/p\/wp-json\/wp\/v2\/pages\/3782\/revisions\/3792"}],"wp:attachment":[{"href":"https:\/\/mybodyfit.co\/p\/wp-json\/wp\/v2\/media?parent=3782"}],"curies":[{"name":"wp","href":"https:\/\/api.w.org\/{rel}","templated":true}]}}